{"id":2137,"date":"2020-09-14T01:47:01","date_gmt":"2020-09-13T23:47:01","guid":{"rendered":"http:\/\/www.archiwum.diecezjazg.pl\/?page_id=2137"},"modified":"2021-09-22T11:25:19","modified_gmt":"2021-09-22T09:25:19","slug":"reviewers","status":"publish","type":"page","link":"https:\/\/archiwum.diecezjazg.pl\/index.php\/rocznik-adhibenda\/reviewers\/","title":{"rendered":"Reviewers"},"content":{"rendered":"<p><a href=\"http:\/\/www.archiwum.diecezjazg.pl\/index.php\/rocznik-adhibenda\/\">J\u0119zyk polski<\/a><\/p>\n<p><a href=\"http:\/\/www.archiwum.diecezjazg.pl\/index.php\/rocznik-adhibenda\/annual-journal-adhibenda\/\">J\u0119zyk angielski<\/a><\/p>\n<h1 style=\"text-align: center;\">ADHIBENDA<\/h1>\n<h3 style=\"text-align: center;\">The Annual Journal of the Diocesan Archive in Zielona G\u00f3ra<\/h3>\n<p>&nbsp;<\/p>\n<table>\n<tbody>\n<tr>\n<td>\n<h3><a href=\"http:\/\/www.archiwum.diecezjazg.pl\/index.php\/rocznik-adhibenda\/current-issue\/\"><strong>Current issue<\/strong><\/a><\/h3>\n<\/td>\n<td>\n<h3><a href=\"http:\/\/www.archiwum.diecezjazg.pl\/index.php\/rocznik-adhibenda\/archives\/\"><strong>Archives<\/strong><\/a><\/h3>\n<\/td>\n<td>\n<h3><a href=\"http:\/\/www.archiwum.diecezjazg.pl\/index.php\/rocznik-adhibenda\/editors\/\"><strong>Editors<\/strong><\/a><\/h3>\n<\/td>\n<td>\n<h3><a href=\"http:\/\/www.archiwum.diecezjazg.pl\/index.php\/rocznik-adhibenda\/how-to-publish\/\"><strong>How to publish<\/strong><\/a><\/h3>\n<\/td>\n<td>\n<h3><a href=\"http:\/\/www.archiwum.diecezjazg.pl\/index.php\/rocznik-adhibenda\/contact\/\"><strong>Contact<\/strong><\/a><\/h3>\n<\/td>\n<\/tr>\n<\/tbody>\n<\/table>\n<h3>REVIEWERS<\/h3>\n<h4>ks. prof. dr hab. Zdzis\u0142aw Lec (WTUS Szczecin)<\/h4>\n<h4>prof. dr hab. Wojciech Strzy\u017cewski (UZ Zielona G\u00f3ra)<\/h4>\n<h4>dr hab. Rafa\u0142 Reczek (IPN Pozna\u0144)<\/h4>\n","protected":false},"excerpt":{"rendered":"<p>J\u0119zyk polski J\u0119zyk angielski ADHIBENDA The Annual Journal of the Diocesan Archive in Zielona G\u00f3ra &nbsp; Current issue Archives Editors How to publish Contact REVIEWERS ks. prof. dr hab. Zdzis\u0142aw Lec (WTUS Szczecin) prof. dr hab. Wojciech Strzy\u017cewski (UZ Zielona G\u00f3ra) dr hab. Rafa\u0142 Reczek (IPN Pozna\u0144)<\/p>\n","protected":false},"author":1,"featured_media":0,"parent":49,"menu_order":0,"comment_status":"closed","ping_status":"closed","template":"","meta":{"ngg_post_thumbnail":0},"_links":{"self":[{"href":"https:\/\/archiwum.diecezjazg.pl\/index.php\/wp-json\/wp\/v2\/pages\/2137"}],"collection":[{"href":"https:\/\/archiwum.diecezjazg.pl\/index.php\/wp-json\/wp\/v2\/pages"}],"about":[{"href":"https:\/\/archiwum.diecezjazg.pl\/index.php\/wp-json\/wp\/v2\/types\/page"}],"author":[{"embeddable":true,"href":"https:\/\/archiwum.diecezjazg.pl\/index.php\/wp-json\/wp\/v2\/users\/1"}],"replies":[{"embeddable":true,"href":"https:\/\/archiwum.diecezjazg.pl\/index.php\/wp-json\/wp\/v2\/comments?post=2137"}],"version-history":[{"count":6,"href":"https:\/\/archiwum.diecezjazg.pl\/index.php\/wp-json\/wp\/v2\/pages\/2137\/revisions"}],"predecessor-version":[{"id":2319,"href":"https:\/\/archiwum.diecezjazg.pl\/index.php\/wp-json\/wp\/v2\/pages\/2137\/revisions\/2319"}],"up":[{"embeddable":true,"href":"https:\/\/archiwum.diecezjazg.pl\/index.php\/wp-json\/wp\/v2\/pages\/49"}],"wp:attachment":[{"href":"https:\/\/archiwum.diecezjazg.pl\/index.php\/wp-json\/wp\/v2\/media?parent=2137"}],"curies":[{"name":"wp","href":"https:\/\/api.w.org\/{rel}","templated":true}]}}